{"id":255,"date":"2015-05-31T13:56:24","date_gmt":"2015-05-31T11:56:24","guid":{"rendered":"http:\/\/www.nosnavida.org\/?page_id=255"},"modified":"2020-07-10T14:19:13","modified_gmt":"2020-07-10T12:19:13","slug":"fazenda","status":"publish","type":"page","link":"http:\/\/www.nosnavida.org\/pt-pt\/sobre-nos-na-vida\/fazenda\/","title":{"rendered":"A fazenda"},"content":{"rendered":"<section class=\"l-section wpb_row height_large with_img\"><div class=\"l-section-img\" style=\"background-image: url(http:\/\/www.nosnavida.org\/wp-content\/uploads\/2015\/05\/nos-na-vida-farm-3.jpg);background-position: top center;background-repeat: no-repeat;\" data-img-width=\"1900\" data-img-height=\"500\"><\/div><div class=\"l-section-h i-cf\"><div class=\"g-cols vc_row via_flex valign_middle type_default stacking_default\"><div class=\"vc_col-sm-12 wpb_column vc_column_container\"><div class=\"vc_column-inner\"><div class=\"wpb_wrapper\"><div id=\"ultimate-heading-279269ec8b1d24e7a\" class=\"uvc-heading ult-adjust-bottom-margin ultimate-heading-279269ec8b1d24e7a uvc-2042 \" data-hspacer=\"line_only\"  data-halign=\"center\" style=\"text-align:center\"><div class=\"uvc-main-heading ult-responsive\"  data-ultimate-target='.uvc-heading.ultimate-heading-279269ec8b1d24e7a h1'  data-responsive-json-new='{\"font-size\":\"\",\"line-height\":\"\"}' ><h1 style=\"font-weight:bold;color:#4dbfff;margin-top:10px;margin-bottom:5px;\">Fazenda N\u00f3s na Vida<\/h1><\/div><div class=\"uvc-heading-spacer line_only\" style=\"margin-top:0px;margin-bottom:0px;height:1px;\"><span class=\"uvc-headings-line\" style=\"border-style:solid;border-bottom-width:1px;border-color:#0000ff;width:autopx;\"><\/span><\/div><div class=\"uvc-sub-heading ult-responsive\"  data-ultimate-target='.uvc-heading.ultimate-heading-279269ec8b1d24e7a .uvc-sub-heading '  data-responsive-json-new='{\"font-size\":\"\",\"line-height\":\"\"}'  style=\"font-weight:normal;margin-top:10px;margin-bottom:10px;\">\n<h2><strong>Conhecendo a fazenda<\/strong><\/h2>\n<\/div><\/div><\/div><\/div><\/div><\/div><\/div><\/section><section class=\"l-section wpb_row height_medium\"><div class=\"l-section-h i-cf\"><div class=\"g-cols vc_row via_flex valign_top type_default stacking_default\"><div class=\"vc_col-sm-12 wpb_column vc_column_container\"><div class=\"vc_column-inner\"><div class=\"wpb_wrapper\"><div class=\"g-cols wpb_row via_flex valign_top type_default stacking_default\"><div class=\"vc_col-sm-12 wpb_column vc_column_container\"><div class=\"vc_column-inner\"><div class=\"wpb_wrapper\"><div class=\"wpb_text_column\"><div class=\"wpb_wrapper\"><p>A fazenda tem uma \u00e1rea de cerca de 25 hectares. O po\u00e7o de 70 metros de profundidade fornece \u00e1gua pot\u00e1vel de qualidade e \u00e1gua para a irriga\u00e7\u00e3o de toda a fazenda. Na fazenda foram plantadas v\u00e1rias frutas, como por exemplo, banana, coqueiros e maracuj\u00e1. E os animais que nos ajudam com o trabalho vivem na fazenda \u201cN\u00f3s na vida\u201d.<\/p>\n<\/div><\/div><div class=\"w-separator size_small\"><\/div><\/div><\/div><\/div><\/div><div class=\"g-cols wpb_row via_flex valign_top type_default stacking_default\"><div class=\"vc_col-sm-6 wpb_column vc_column_container\"><div class=\"vc_column-inner\"><div class=\"wpb_wrapper\"><div class=\"wpb_text_column\"><div class=\"wpb_wrapper\"><h4>Na fazenda estamos com uma diversidade de plantio com:<\/h4>\n<\/div><\/div><div class=\"wpb_text_column\"><div class=\"wpb_wrapper\"><ul>\n<li><a href=\"http:\/\/pt.wikipedia.org\/wiki\/Mandioca\" target=\"_blank\" rel=\"noopener noreferrer\">Macaxeira<\/a><\/li>\n<li><a href=\"http:\/\/pt.wikipedia.org\/wiki\/Batata-doce\" target=\"_blank\" rel=\"noopener noreferrer\">Batata doce<\/a><\/li>\n<li><a href=\"http:\/\/pt.wikipedia.org\/wiki\/Maracuj%C3%A1\" target=\"_blank\" rel=\"noopener noreferrer\">Maracuj\u00e1<\/a><\/li>\n<li><a href=\"http:\/\/pt.wikipedia.org\/wiki\/Banana\" target=\"_blank\" rel=\"noopener noreferrer\">Bananas<\/a><\/li>\n<li><a href=\"http:\/\/pt.wikipedia.org\/wiki\/Caju\" target=\"_blank\" rel=\"noopener noreferrer\">Caj\u00fa<\/a><\/li>\n<li><a href=\"http:\/\/pt.wikipedia.org\/wiki\/Coqueiro_%28desambigua%C3%A7%C3%A3o%29\" target=\"_blank\" rel=\"noopener noreferrer\">Coqueiros<\/a><\/li>\n<li>Mangueiras<\/li>\n<li><a href=\"http:\/\/pt.wikipedia.org\/wiki\/Lim%C3%A3o\" target=\"_blank\" rel=\"noopener noreferrer\">Lim\u00f5es<\/a><\/li>\n<li>diversas \u00e1rvores fruitiveras em pequenas quantidades<\/li>\n<li><a href=\"http:\/\/pt.wikipedia.org\/wiki\/Moringa\" target=\"_blank\" rel=\"noopener noreferrer\">\u00c1rvores de moringa<\/a><\/li>\n<\/ul>\n<\/div><\/div><\/div><\/div><\/div><div class=\"vc_col-sm-6 wpb_column vc_column_container\"><div class=\"vc_column-inner\"><div class=\"wpb_wrapper\"><div class=\"wpb_text_column\"><div class=\"wpb_wrapper\"><h4>Al\u00e9m do mais temos:<\/h4>\n<\/div><\/div><div class=\"wpb_text_column\"><div class=\"wpb_wrapper\"><ul>\n<li>4 tanques de peixes<\/li>\n<li>1 boi<\/li>\n<li>porcos<\/li>\n<li>1 jumento<\/li>\n<li>animais de pequeno porte<\/li>\n<\/ul>\n<\/div><\/div><\/div><\/div><\/div><\/div><div class=\"g-cols wpb_row via_flex valign_top type_default stacking_default\"><div class=\"vc_col-sm-12 wpb_column vc_column_container\"><div class=\"vc_column-inner\"><div class=\"wpb_wrapper\"><div class=\"w-separator size_small\"><\/div><div class=\"wpb_text_column\"><div class=\"wpb_wrapper\"><p style=\"text-align: center;\"><strong>A fazenda se autofinancia no momento e ainda n\u00e3o produziu nenhum lucro digno de ser mencionado.<br \/>\n<\/strong><\/p>\n<\/div><\/div><\/div><\/div><\/div><\/div><\/div><\/div><\/div><\/div><\/div><\/section>\n","protected":false},"excerpt":{"rendered":"Fazenda N\u00f3s na Vida Conhecendo a fazenda A fazenda tem uma \u00e1rea de cerca de 25 hectares. O po\u00e7o de 70 metros de profundidade fornece \u00e1gua pot\u00e1vel de qualidade e \u00e1gua para a irriga\u00e7\u00e3o de toda a fazenda. Na fazenda foram plantadas v\u00e1rias frutas, como por exemplo, banana, coqueiros e maracuj\u00e1. E os animais que...","protected":false},"author":1,"featured_media":0,"parent":269,"menu_order":2,"comment_status":"closed","ping_status":"closed","template":"","meta":[],"yoast_head":"<!-- This site is optimized with the Yoast SEO plugin v18.9 - https:\/\/yoast.com\/wordpress\/plugins\/seo\/ -->\n<title>A fazenda - N\u00f3s na Vida<\/title>\n<meta name=\"robots\" content=\"index, follow, max-snippet:-1, max-image-preview:large, max-video-preview:-1\" \/>\n<link rel=\"canonical\" href=\"http:\/\/www.nosnavida.org\/pt-pt\/sobre-nos-na-vida\/fazenda\/\" \/>\n<meta property=\"og:locale\" content=\"pt_PT\" \/>\n<meta property=\"og:type\" content=\"article\" \/>\n<meta property=\"og:title\" content=\"A fazenda - N\u00f3s na Vida\" \/>\n<meta property=\"og:url\" content=\"http:\/\/www.nosnavida.org\/pt-pt\/sobre-nos-na-vida\/fazenda\/\" \/>\n<meta property=\"og:site_name\" content=\"N\u00f3s na Vida\" \/>\n<meta property=\"article:modified_time\" content=\"2020-07-10T12:19:13+00:00\" \/>\n<meta name=\"twitter:card\" content=\"summary\" \/>\n<meta name=\"twitter:label1\" content=\"Tempo estimado de leitura\" \/>\n\t<meta name=\"twitter:data1\" content=\"5 minutos\" \/>\n<script type=\"application\/ld+json\" class=\"yoast-schema-graph\">{\"@context\":\"https:\/\/schema.org\",\"@graph\":[{\"@type\":\"WebSite\",\"@id\":\"http:\/\/www.nosnavida.org\/#website\",\"url\":\"http:\/\/www.nosnavida.org\/\",\"name\":\"N\u00f3s na Vida\",\"description\":\"N\u00f3s na Vida - crian\u00e7as de rua projeto\",\"potentialAction\":[{\"@type\":\"SearchAction\",\"target\":{\"@type\":\"EntryPoint\",\"urlTemplate\":\"http:\/\/www.nosnavida.org\/?s={search_term_string}\"},\"query-input\":\"required name=search_term_string\"}],\"inLanguage\":\"pt-PT\"},{\"@type\":\"WebPage\",\"@id\":\"http:\/\/www.nosnavida.org\/pt-pt\/sobre-nos-na-vida\/fazenda\/#webpage\",\"url\":\"http:\/\/www.nosnavida.org\/pt-pt\/sobre-nos-na-vida\/fazenda\/\",\"name\":\"A fazenda - N\u00f3s na Vida\",\"isPartOf\":{\"@id\":\"http:\/\/www.nosnavida.org\/#website\"},\"datePublished\":\"2015-05-31T11:56:24+00:00\",\"dateModified\":\"2020-07-10T12:19:13+00:00\",\"breadcrumb\":{\"@id\":\"http:\/\/www.nosnavida.org\/pt-pt\/sobre-nos-na-vida\/fazenda\/#breadcrumb\"},\"inLanguage\":\"pt-PT\",\"potentialAction\":[{\"@type\":\"ReadAction\",\"target\":[\"http:\/\/www.nosnavida.org\/pt-pt\/sobre-nos-na-vida\/fazenda\/\"]}]},{\"@type\":\"BreadcrumbList\",\"@id\":\"http:\/\/www.nosnavida.org\/pt-pt\/sobre-nos-na-vida\/fazenda\/#breadcrumb\",\"itemListElement\":[{\"@type\":\"ListItem\",\"position\":1,\"name\":\"Home\",\"item\":\"http:\/\/www.nosnavida.org\/pt-pt\/\"},{\"@type\":\"ListItem\",\"position\":2,\"name\":\"Sobre N\u00f3s na Vida\",\"item\":\"http:\/\/www.nosnavida.org\/pt-pt\/sobre-nos-na-vida\/\"},{\"@type\":\"ListItem\",\"position\":3,\"name\":\"A fazenda\"}]}]}<\/script>\n<!-- \/ Yoast SEO plugin. -->","yoast_head_json":{"title":"A fazenda - N\u00f3s na Vida","robots":{"index":"index","follow":"follow","max-snippet":"max-snippet:-1","max-image-preview":"max-image-preview:large","max-video-preview":"max-video-preview:-1"},"canonical":"http:\/\/www.nosnavida.org\/pt-pt\/sobre-nos-na-vida\/fazenda\/","og_locale":"pt_PT","og_type":"article","og_title":"A fazenda - N\u00f3s na Vida","og_url":"http:\/\/www.nosnavida.org\/pt-pt\/sobre-nos-na-vida\/fazenda\/","og_site_name":"N\u00f3s na Vida","article_modified_time":"2020-07-10T12:19:13+00:00","twitter_card":"summary","twitter_misc":{"Tempo estimado de leitura":"5 minutos"},"schema":{"@context":"https:\/\/schema.org","@graph":[{"@type":"WebSite","@id":"http:\/\/www.nosnavida.org\/#website","url":"http:\/\/www.nosnavida.org\/","name":"N\u00f3s na Vida","description":"N\u00f3s na Vida - crian\u00e7as de rua projeto","potentialAction":[{"@type":"SearchAction","target":{"@type":"EntryPoint","urlTemplate":"http:\/\/www.nosnavida.org\/?s={search_term_string}"},"query-input":"required name=search_term_string"}],"inLanguage":"pt-PT"},{"@type":"WebPage","@id":"http:\/\/www.nosnavida.org\/pt-pt\/sobre-nos-na-vida\/fazenda\/#webpage","url":"http:\/\/www.nosnavida.org\/pt-pt\/sobre-nos-na-vida\/fazenda\/","name":"A fazenda - N\u00f3s na Vida","isPartOf":{"@id":"http:\/\/www.nosnavida.org\/#website"},"datePublished":"2015-05-31T11:56:24+00:00","dateModified":"2020-07-10T12:19:13+00:00","breadcrumb":{"@id":"http:\/\/www.nosnavida.org\/pt-pt\/sobre-nos-na-vida\/fazenda\/#breadcrumb"},"inLanguage":"pt-PT","potentialAction":[{"@type":"ReadAction","target":["http:\/\/www.nosnavida.org\/pt-pt\/sobre-nos-na-vida\/fazenda\/"]}]},{"@type":"BreadcrumbList","@id":"http:\/\/www.nosnavida.org\/pt-pt\/sobre-nos-na-vida\/fazenda\/#breadcrumb","itemListElement":[{"@type":"ListItem","position":1,"name":"Home","item":"http:\/\/www.nosnavida.org\/pt-pt\/"},{"@type":"ListItem","position":2,"name":"Sobre N\u00f3s na Vida","item":"http:\/\/www.nosnavida.org\/pt-pt\/sobre-nos-na-vida\/"},{"@type":"ListItem","position":3,"name":"A fazenda"}]}]}},"_links":{"self":[{"href":"http:\/\/www.nosnavida.org\/pt-pt\/wp-json\/wp\/v2\/pages\/255\/"}],"collection":[{"href":"http:\/\/www.nosnavida.org\/pt-pt\/wp-json\/wp\/v2\/pages\/"}],"about":[{"href":"http:\/\/www.nosnavida.org\/pt-pt\/wp-json\/wp\/v2\/types\/page\/"}],"author":[{"embeddable":true,"href":"http:\/\/www.nosnavida.org\/pt-pt\/wp-json\/wp\/v2\/users\/1\/"}],"replies":[{"embeddable":true,"href":"http:\/\/www.nosnavida.org\/pt-pt\/wp-json\/wp\/v2\/comments\/?post=255"}],"version-history":[{"count":16,"href":"http:\/\/www.nosnavida.org\/pt-pt\/wp-json\/wp\/v2\/pages\/255\/revisions\/"}],"predecessor-version":[{"id":1660,"href":"http:\/\/www.nosnavida.org\/pt-pt\/wp-json\/wp\/v2\/pages\/255\/revisions\/1660\/"}],"up":[{"embeddable":true,"href":"http:\/\/www.nosnavida.org\/pt-pt\/wp-json\/wp\/v2\/pages\/269\/"}],"wp:attachment":[{"href":"http:\/\/www.nosnavida.org\/pt-pt\/wp-json\/wp\/v2\/media\/?parent=255"}],"curies":[{"name":"wp","href":"https:\/\/api.w.org\/{rel}","templated":true}]}}